{"id":6653,"date":"2021-07-20T11:46:01","date_gmt":"2021-07-20T09:46:01","guid":{"rendered":"https:\/\/www.mvz-wiesloch.de\/dr-med-helmut-bergdolt\/"},"modified":"2025-03-20T18:27:26","modified_gmt":"2025-03-20T17:27:26","slug":"dr-med-helmut-bergdolt","status":"publish","type":"page","link":"https:\/\/www.mvz-wiesloch.de\/en\/dr-med-helmut-bergdolt\/","title":{"rendered":"Dr. med. Helmut Bergdolt"},"content":{"rendered":"\t\t<div data-elementor-type=\"wp-page\" data-elementor-id=\"6653\" class=\"elementor elementor-6653 elementor-1711\" data-elementor-post-type=\"page\">\n\t\t\t\t\t\t<section class=\"elementor-section elementor-top-section elementor-element elementor-element-34f6d12 elementor-section-boxed elementor-section-height-default elementor-section-height-default\" data-id=\"34f6d12\" data-element_type=\"section\" data-e-type=\"section\" data-settings=\"{&quot;background_background&quot;:&quot;classic&quot;}\">\n\t\t\t\t\t\t\t<div class=\"elementor-background-overlay\"><\/div>\n\t\t\t\t\t\t\t<div class=\"elementor-container elementor-column-gap-default\">\n\t\t\t\t\t<div class=\"elementor-column elementor-col-100 elementor-top-column elementor-element elementor-element-e115946\" data-id=\"e115946\" data-element_type=\"column\" data-e-type=\"column\">\n\t\t\t<div class=\"elementor-widget-wrap elementor-element-populated\">\n\t\t\t\t\t\t<div class=\"elementor-element elementor-element-75f5f94 elementor-widget elementor-widget-heading\" data-id=\"75f5f94\" data-element_type=\"widget\" data-e-type=\"widget\" data-widget_type=\"heading.default\">\n\t\t\t\t<div class=\"elementor-widget-container\">\n\t\t\t\t\t<h1 class=\"elementor-heading-title elementor-size-default\">Dr. med. Helmut Bergdolt<\/h1>\t\t\t\t<\/div>\n\t\t\t\t<\/div>\n\t\t\t\t<div class=\"elementor-element elementor-element-7b78801 elementor-widget elementor-widget-heading\" data-id=\"7b78801\" data-element_type=\"widget\" data-e-type=\"widget\" data-widget_type=\"heading.default\">\n\t\t\t\t<div class=\"elementor-widget-container\">\n\t\t\t\t\t<h2 class=\"elementor-heading-title elementor-size-default\">Specialist for internal medicine and radiology\n<\/h2>\t\t\t\t<\/div>\n\t\t\t\t<\/div>\n\t\t\t\t\t<\/div>\n\t\t<\/div>\n\t\t\t\t\t<\/div>\n\t\t<\/section>\n\t\t\t\t<section class=\"elementor-section elementor-top-section elementor-element elementor-element-feeb563 elementor-reverse-mobile elementor-section-boxed elementor-section-height-default elementor-section-height-default\" data-id=\"feeb563\" data-element_type=\"section\" data-e-type=\"section\">\n\t\t\t\t\t\t<div class=\"elementor-container elementor-column-gap-default\">\n\t\t\t\t\t<div class=\"elementor-column elementor-col-66 elementor-top-column elementor-element elementor-element-8f80c7c\" data-id=\"8f80c7c\" data-element_type=\"column\" data-e-type=\"column\">\n\t\t\t<div class=\"elementor-widget-wrap elementor-element-populated\">\n\t\t\t\t\t\t<div class=\"elementor-element elementor-element-b4628e3 elementor-widget elementor-widget-heading\" data-id=\"b4628e3\" data-element_type=\"widget\" data-e-type=\"widget\" data-widget_type=\"heading.default\">\n\t\t\t\t<div class=\"elementor-widget-container\">\n\t\t\t\t\t<h3 class=\"elementor-heading-title elementor-size-default\">Biography<\/h3>\t\t\t\t<\/div>\n\t\t\t\t<\/div>\n\t\t\t\t<div class=\"elementor-element elementor-element-d69e020 elementor-widget elementor-widget-text-editor\" data-id=\"d69e020\" data-element_type=\"widget\" data-e-type=\"widget\" data-widget_type=\"text-editor.default\">\n\t\t\t\t<div class=\"elementor-widget-container\">\n\t\t\t\t\t\t\t\t\t<ul>\n \t<li>Study of human medicine at the universities of Passau and Heidelberg<\/li>\n \t<li>State examination and doctorate at the University of Heidelberg<\/li>\n \t<li>Clinical assistant at the Department of Neurology and the Department of Ophthalmology at the University of Heidelberg<\/li>\n \t<li>Worked in surgery and gynaecology in the Waldshut hospital<\/li>\n \t<li>Certificates of medical specialization: internal medicine and radiology<\/li>\n \t<li>1961: own practice for internal medicine and radiology in Wiesloch, Hauptstra\u00dfe 71\n<li>Since 1973, pioneering work in the field of cardiovascular prevention with the &#8220;Wiesloch Model&#8221;.<\/li>\n<li>1974: Initiator and co-founder of today&#8217;s &#8220;\u00c4rztehaus Schlo\u00dfstra\u00dfe&#8221; in Wiesloch; relocation of the practice to the 4th floor of the \u00c4rztehaus<\/li>\n<li>2020: Founding member of the partnership MVZ Wiesloch Dres. Bergdolt; still working as a general practitioner<\/li>\n<\/ul>\t\t\t\t\t\t\t\t<\/div>\n\t\t\t\t<\/div>\n\t\t\t\t<div class=\"elementor-element elementor-element-3df7c17 elementor-widget elementor-widget-heading\" data-id=\"3df7c17\" data-element_type=\"widget\" data-e-type=\"widget\" data-widget_type=\"heading.default\">\n\t\t\t\t<div class=\"elementor-widget-container\">\n\t\t\t\t\t<h3 class=\"elementor-heading-title elementor-size-default\">Fields of expertise\/qualifications\n<\/h3>\t\t\t\t<\/div>\n\t\t\t\t<\/div>\n\t\t\t\t<div class=\"elementor-element elementor-element-915b329 elementor-widget elementor-widget-text-editor\" data-id=\"915b329\" data-element_type=\"widget\" data-e-type=\"widget\" data-widget_type=\"text-editor.default\">\n\t\t\t\t<div class=\"elementor-widget-container\">\n\t\t\t\t\t\t\t\t\t<ul>\n<li>Internal medicine<\/li>\n<li>Radiology<\/li>\n<\/ul>\n\t\t\t\t\t\t\t\t<\/div>\n\t\t\t\t<\/div>\n\t\t\t\t<div class=\"elementor-element elementor-element-7a22aa1 elementor-widget elementor-widget-heading\" data-id=\"7a22aa1\" data-element_type=\"widget\" data-e-type=\"widget\" data-widget_type=\"heading.default\">\n\t\t\t\t<div class=\"elementor-widget-container\">\n\t\t\t\t\t<h3 class=\"elementor-heading-title elementor-size-default\">Activity Focus\n<\/h3>\t\t\t\t<\/div>\n\t\t\t\t<\/div>\n\t\t\t\t<div class=\"elementor-element elementor-element-e4570bf elementor-widget elementor-widget-text-editor\" data-id=\"e4570bf\" data-element_type=\"widget\" data-e-type=\"widget\" data-widget_type=\"text-editor.default\">\n\t\t\t\t<div class=\"elementor-widget-container\">\n\t\t\t\t\t\t\t\t\t<ul>\n<li><span style=\"font-style: inherit; font-weight: inherit; color: var( --e-global-color-text ); font-family: var( --e-global-typography-text-font-family ), Sans-serif;\">GP (General Practitioner)<\/span><\/li>\n<\/ul>\n\t\t\t\t\t\t\t\t<\/div>\n\t\t\t\t<\/div>\n\t\t\t\t\t<\/div>\n\t\t<\/div>\n\t\t\t\t<div class=\"elementor-column elementor-col-33 elementor-top-column elementor-element elementor-element-8bb89eb\" data-id=\"8bb89eb\" data-element_type=\"column\" data-e-type=\"column\">\n\t\t\t<div class=\"elementor-widget-wrap elementor-element-populated\">\n\t\t\t\t\t\t<div class=\"elementor-element elementor-element-08b656f elementor-widget elementor-widget-image\" data-id=\"08b656f\" data-element_type=\"widget\" data-e-type=\"widget\" data-widget_type=\"image.default\">\n\t\t\t\t<div class=\"elementor-widget-container\">\n\t\t\t\t\t\t\t\t\t\t\t\t\t\t\t<img fetchpriority=\"high\" decoding=\"async\" width=\"1024\" height=\"683\" src=\"https:\/\/www.mvz-wiesloch.de\/wp-content\/uploads\/2021\/06\/Helmut-Bergdolt-B-1024x683.jpg\" class=\"attachment-large size-large wp-image-5365\" alt=\"\" srcset=\"https:\/\/www.mvz-wiesloch.de\/wp-content\/uploads\/2021\/06\/Helmut-Bergdolt-B-1024x683.jpg 1024w, https:\/\/www.mvz-wiesloch.de\/wp-content\/uploads\/2021\/06\/Helmut-Bergdolt-B-300x200.jpg 300w, https:\/\/www.mvz-wiesloch.de\/wp-content\/uploads\/2021\/06\/Helmut-Bergdolt-B-768x512.jpg 768w, https:\/\/www.mvz-wiesloch.de\/wp-content\/uploads\/2021\/06\/Helmut-Bergdolt-B-1536x1024.jpg 1536w, https:\/\/www.mvz-wiesloch.de\/wp-content\/uploads\/2021\/06\/Helmut-Bergdolt-B-2048x1365.jpg 2048w, https:\/\/www.mvz-wiesloch.de\/wp-content\/uploads\/2021\/06\/Helmut-Bergdolt-B-scaled.jpg 1920w\" sizes=\"(max-width: 1024px) 100vw, 1024px\" \/>\t\t\t\t\t\t\t\t\t\t\t\t\t\t\t<\/div>\n\t\t\t\t<\/div>\n\t\t\t\t<div class=\"elementor-element elementor-element-c2f781f elementor-widget elementor-widget-heading\" data-id=\"c2f781f\" data-element_type=\"widget\" data-e-type=\"widget\" data-widget_type=\"heading.default\">\n\t\t\t\t<div class=\"elementor-widget-container\">\n\t\t\t\t\t<h1 class=\"elementor-heading-title elementor-size-default\">Dr. med. Helmut Bergdolt<\/h1>\t\t\t\t<\/div>\n\t\t\t\t<\/div>\n\t\t\t\t<div class=\"elementor-element elementor-element-7dbf050 elementor-widget elementor-widget-heading\" data-id=\"7dbf050\" data-element_type=\"widget\" data-e-type=\"widget\" data-widget_type=\"heading.default\">\n\t\t\t\t<div class=\"elementor-widget-container\">\n\t\t\t\t\t<h2 class=\"elementor-heading-title elementor-size-default\">Specialist for internal medicine and radiology\n<\/h2>\t\t\t\t<\/div>\n\t\t\t\t<\/div>\n\t\t\t\t<div class=\"elementor-element elementor-element-dc4289f elementor-widget elementor-widget-spacer\" data-id=\"dc4289f\" data-element_type=\"widget\" data-e-type=\"widget\" data-widget_type=\"spacer.default\">\n\t\t\t\t<div class=\"elementor-widget-container\">\n\t\t\t\t\t\t\t<div class=\"elementor-spacer\">\n\t\t\t<div class=\"elementor-spacer-inner\"><\/div>\n\t\t<\/div>\n\t\t\t\t\t\t<\/div>\n\t\t\t\t<\/div>\n\t\t\t\t\t<\/div>\n\t\t<\/div>\n\t\t\t\t\t<\/div>\n\t\t<\/section>\n\t\t\t\t<section class=\"elementor-section elementor-top-section elementor-element elementor-element-7ef0ed8 elementor-section-boxed elementor-section-height-default elementor-section-height-default\" data-id=\"7ef0ed8\" data-element_type=\"section\" data-e-type=\"section\">\n\t\t\t\t\t\t<div class=\"elementor-container elementor-column-gap-default\">\n\t\t\t\t\t<div class=\"elementor-column elementor-col-100 elementor-top-column elementor-element elementor-element-20af88a\" data-id=\"20af88a\" data-element_type=\"column\" data-e-type=\"column\">\n\t\t\t<div class=\"elementor-widget-wrap elementor-element-populated\">\n\t\t\t\t\t\t<div class=\"elementor-element elementor-element-d5b9e36 elementor-widget elementor-widget-spacer\" data-id=\"d5b9e36\" data-element_type=\"widget\" data-e-type=\"widget\" data-widget_type=\"spacer.default\">\n\t\t\t\t<div class=\"elementor-widget-container\">\n\t\t\t\t\t\t\t<div class=\"elementor-spacer\">\n\t\t\t<div class=\"elementor-spacer-inner\"><\/div>\n\t\t<\/div>\n\t\t\t\t\t\t<\/div>\n\t\t\t\t<\/div>\n\t\t\t\t<div class=\"elementor-element elementor-element-c561310 elementor-widget elementor-widget-heading\" data-id=\"c561310\" data-element_type=\"widget\" data-e-type=\"widget\" data-widget_type=\"heading.default\">\n\t\t\t\t<div class=\"elementor-widget-container\">\n\t\t\t\t\t<h3 class=\"elementor-heading-title elementor-size-default\">our practice<\/h3>\t\t\t\t<\/div>\n\t\t\t\t<\/div>\n\t\t\t\t<div class=\"elementor-element elementor-element-d358170 elementor-widget elementor-widget-gallery\" data-id=\"d358170\" data-element_type=\"widget\" data-e-type=\"widget\" data-settings=\"{&quot;gap&quot;:{&quot;unit&quot;:&quot;px&quot;,&quot;size&quot;:0,&quot;sizes&quot;:[]},&quot;columns_mobile&quot;:2,&quot;lazyload&quot;:&quot;yes&quot;,&quot;gallery_layout&quot;:&quot;grid&quot;,&quot;columns&quot;:4,&quot;columns_tablet&quot;:2,&quot;gap_tablet&quot;:{&quot;unit&quot;:&quot;px&quot;,&quot;size&quot;:10,&quot;sizes&quot;:[]},&quot;gap_mobile&quot;:{&quot;unit&quot;:&quot;px&quot;,&quot;size&quot;:10,&quot;sizes&quot;:[]},&quot;link_to&quot;:&quot;file&quot;,&quot;aspect_ratio&quot;:&quot;3:2&quot;,&quot;content_hover_animation&quot;:&quot;fade-in&quot;}\" data-widget_type=\"gallery.default\">\n\t\t\t\t<div class=\"elementor-widget-container\">\n\t\t\t\t\t\t\t<div class=\"elementor-gallery__container\">\n\t\t\t\t\t\t\t<a class=\"e-gallery-item elementor-gallery-item elementor-animated-content\" href=\"https:\/\/www.mvz-wiesloch.de\/wp-content\/uploads\/2021\/06\/Angiologie_IK.jpg\" data-elementor-open-lightbox=\"yes\" data-elementor-lightbox-slideshow=\"d358170\" data-elementor-lightbox-title=\"Untersuchung Angiologie\" data-elementor-lightbox-description=\"Angiologisches Untersuchung im MVZ Wiesloch\" data-e-action-hash=\"#elementor-action%3Aaction%3Dlightbox%26settings%3DeyJpZCI6MTE1LCJ1cmwiOiJodHRwczpcL1wvd3d3Lm12ei13aWVzbG9jaC5kZVwvd3AtY29udGVudFwvdXBsb2Fkc1wvMjAyMVwvMDZcL0FuZ2lvbG9naWVfSUsuanBnIiwic2xpZGVzaG93IjoiZDM1ODE3MCJ9\">\n\t\t\t\t\t<div class=\"e-gallery-image elementor-gallery-item__image\" data-thumbnail=\"https:\/\/www.mvz-wiesloch.de\/wp-content\/uploads\/2021\/06\/Angiologie_IK-1024x346.jpg\" data-width=\"1024\" data-height=\"346\" aria-label=\"\" role=\"img\" ><\/div>\n\t\t\t\t\t\t\t\t\t\t\t\t\t\t<\/a>\n\t\t\t\t\t\t\t<a class=\"e-gallery-item elementor-gallery-item elementor-animated-content\" href=\"https:\/\/www.mvz-wiesloch.de\/wp-content\/uploads\/2021\/06\/Anmeldung_Innere-Medizin_OG4_AL3I6750bearb2_quadrat.jpg\" data-elementor-open-lightbox=\"yes\" data-elementor-lightbox-slideshow=\"d358170\" data-elementor-lightbox-title=\"Anmeldung Innere Medizin OG4_1\" data-elementor-lightbox-description=\"Die Anmeldung der Inneren Medizin im  4. OG des MVZ Wiesloch\" data-e-action-hash=\"#elementor-action%3Aaction%3Dlightbox%26settings%3DeyJpZCI6MTMwLCJ1cmwiOiJodHRwczpcL1wvd3d3Lm12ei13aWVzbG9jaC5kZVwvd3AtY29udGVudFwvdXBsb2Fkc1wvMjAyMVwvMDZcL0FubWVsZHVuZ19Jbm5lcmUtTWVkaXppbl9PRzRfQUwzSTY3NTBiZWFyYjJfcXVhZHJhdC5qcGciLCJzbGlkZXNob3ciOiJkMzU4MTcwIn0%3D\">\n\t\t\t\t\t<div class=\"e-gallery-image elementor-gallery-item__image\" data-thumbnail=\"https:\/\/www.mvz-wiesloch.de\/wp-content\/uploads\/2021\/06\/Anmeldung_Innere-Medizin_OG4_AL3I6750bearb2_quadrat-1024x1024.jpg\" data-width=\"1024\" data-height=\"1024\" aria-label=\"\" role=\"img\" ><\/div>\n\t\t\t\t\t\t\t\t\t\t\t\t\t\t<\/a>\n\t\t\t\t\t\t\t<a class=\"e-gallery-item elementor-gallery-item elementor-animated-content\" href=\"https:\/\/www.mvz-wiesloch.de\/wp-content\/uploads\/2021\/06\/Anmeldung_Kardiologie_OG3_1_AL3I7441bearb_quadrat.jpg\" data-elementor-open-lightbox=\"yes\" data-elementor-lightbox-slideshow=\"d358170\" data-elementor-lightbox-title=\"Anmeldung Kardiologie OG3_a\" data-elementor-lightbox-description=\"Die Kardiologie-Anmeldung im MVZ Wiesloch\" data-e-action-hash=\"#elementor-action%3Aaction%3Dlightbox%26settings%3DeyJpZCI6MTM3LCJ1cmwiOiJodHRwczpcL1wvd3d3Lm12ei13aWVzbG9jaC5kZVwvd3AtY29udGVudFwvdXBsb2Fkc1wvMjAyMVwvMDZcL0FubWVsZHVuZ19LYXJkaW9sb2dpZV9PRzNfMV9BTDNJNzQ0MWJlYXJiX3F1YWRyYXQuanBnIiwic2xpZGVzaG93IjoiZDM1ODE3MCJ9\">\n\t\t\t\t\t<div class=\"e-gallery-image elementor-gallery-item__image\" data-thumbnail=\"https:\/\/www.mvz-wiesloch.de\/wp-content\/uploads\/2021\/06\/Anmeldung_Kardiologie_OG3_1_AL3I7441bearb_quadrat-1024x1024.jpg\" data-width=\"1024\" data-height=\"1024\" aria-label=\"\" role=\"img\" ><\/div>\n\t\t\t\t\t\t\t\t\t\t\t\t\t\t<\/a>\n\t\t\t\t\t\t\t<a class=\"e-gallery-item elementor-gallery-item elementor-animated-content\" href=\"https:\/\/www.mvz-wiesloch.de\/wp-content\/uploads\/2021\/06\/Karolin-Klingspor-Douglas-Anmeldung_Hausarzt_EG_09_IK-scaled.jpg\" data-elementor-open-lightbox=\"yes\" data-elementor-lightbox-slideshow=\"d358170\" data-elementor-lightbox-title=\"Anmeldung Hausarzt EG_2a\" data-elementor-lightbox-description=\"Die Anmeldung des Hausarzt-Bereichs im MVZ Wiesloch\" data-e-action-hash=\"#elementor-action%3Aaction%3Dlightbox%26settings%3DeyJpZCI6NTcsInVybCI6Imh0dHBzOlwvXC93d3cubXZ6LXdpZXNsb2NoLmRlXC93cC1jb250ZW50XC91cGxvYWRzXC8yMDIxXC8wNlwvS2Fyb2xpbi1LbGluZ3Nwb3ItRG91Z2xhcy1Bbm1lbGR1bmdfSGF1c2FyenRfRUdfMDlfSUstc2NhbGVkLmpwZyIsInNsaWRlc2hvdyI6ImQzNTgxNzAifQ%3D%3D\">\n\t\t\t\t\t<div class=\"e-gallery-image elementor-gallery-item__image\" data-thumbnail=\"https:\/\/www.mvz-wiesloch.de\/wp-content\/uploads\/2021\/06\/Karolin-Klingspor-Douglas-Anmeldung_Hausarzt_EG_09_IK-1024x682.jpg\" data-width=\"1024\" data-height=\"682\" aria-label=\"\" role=\"img\" ><\/div>\n\t\t\t\t\t\t\t\t\t\t\t\t\t\t<\/a>\n\t\t\t\t\t\t\t<a class=\"e-gallery-item elementor-gallery-item elementor-animated-content\" href=\"https:\/\/www.mvz-wiesloch.de\/wp-content\/uploads\/2021\/06\/Team_Arzte_AL3I8812bearb-scaled.jpg\" data-elementor-open-lightbox=\"yes\" data-elementor-lightbox-slideshow=\"d358170\" data-elementor-lightbox-title=\"MVZ-Team \u00c4rzte\" data-elementor-lightbox-description=\"Das \u00c4rzte-Team des MVZ Wiesloch\" data-e-action-hash=\"#elementor-action%3Aaction%3Dlightbox%26settings%3DeyJpZCI6MTczLCJ1cmwiOiJodHRwczpcL1wvd3d3Lm12ei13aWVzbG9jaC5kZVwvd3AtY29udGVudFwvdXBsb2Fkc1wvMjAyMVwvMDZcL1RlYW1fQXJ6dGVfQUwzSTg4MTJiZWFyYi1zY2FsZWQuanBnIiwic2xpZGVzaG93IjoiZDM1ODE3MCJ9\">\n\t\t\t\t\t<div class=\"e-gallery-image elementor-gallery-item__image\" data-thumbnail=\"https:\/\/www.mvz-wiesloch.de\/wp-content\/uploads\/2021\/06\/Team_Arzte_AL3I8812bearb-1024x1024.jpg\" data-width=\"1024\" data-height=\"1024\" aria-label=\"\" role=\"img\" ><\/div>\n\t\t\t\t\t\t\t\t\t\t\t\t\t\t<\/a>\n\t\t\t\t\t\t\t<a class=\"e-gallery-item elementor-gallery-item elementor-animated-content\" href=\"https:\/\/www.mvz-wiesloch.de\/wp-content\/uploads\/2021\/06\/Anmeldung_Ambulanz_EG_AL3I8394bearb.jpg\" data-elementor-open-lightbox=\"yes\" data-elementor-lightbox-slideshow=\"d358170\" data-elementor-lightbox-title=\"Anmeldung Ambulanz EG_1b\" data-elementor-lightbox-description=\"Mitarbeiterinnen der Ambulanz im MVZ Wiesloch\" data-e-action-hash=\"#elementor-action%3Aaction%3Dlightbox%26settings%3DeyJpZCI6MTE3LCJ1cmwiOiJodHRwczpcL1wvd3d3Lm12ei13aWVzbG9jaC5kZVwvd3AtY29udGVudFwvdXBsb2Fkc1wvMjAyMVwvMDZcL0FubWVsZHVuZ19BbWJ1bGFuel9FR19BTDNJODM5NGJlYXJiLmpwZyIsInNsaWRlc2hvdyI6ImQzNTgxNzAifQ%3D%3D\">\n\t\t\t\t\t<div class=\"e-gallery-image elementor-gallery-item__image\" data-thumbnail=\"https:\/\/www.mvz-wiesloch.de\/wp-content\/uploads\/2021\/06\/Anmeldung_Ambulanz_EG_AL3I8394bearb-1024x1024.jpg\" data-width=\"1024\" data-height=\"1024\" aria-label=\"\" role=\"img\" ><\/div>\n\t\t\t\t\t\t\t\t\t\t\t\t\t\t<\/a>\n\t\t\t\t\t\t\t<a class=\"e-gallery-item elementor-gallery-item elementor-animated-content\" href=\"https:\/\/www.mvz-wiesloch.de\/wp-content\/uploads\/2021\/06\/Ambiente_Statue_OG4_AL3I6965bearb-scaled.jpg\" data-elementor-open-lightbox=\"yes\" data-elementor-lightbox-slideshow=\"d358170\" data-elementor-lightbox-title=\"Ambiente Statue OG4_b\" data-elementor-lightbox-description=\"Ambiente im 4. OG des MVZ Wiesloch\" data-e-action-hash=\"#elementor-action%3Aaction%3Dlightbox%26settings%3DeyJpZCI6MTEyLCJ1cmwiOiJodHRwczpcL1wvd3d3Lm12ei13aWVzbG9jaC5kZVwvd3AtY29udGVudFwvdXBsb2Fkc1wvMjAyMVwvMDZcL0FtYmllbnRlX1N0YXR1ZV9PRzRfQUwzSTY5NjViZWFyYi1zY2FsZWQuanBnIiwic2xpZGVzaG93IjoiZDM1ODE3MCJ9\">\n\t\t\t\t\t<div class=\"e-gallery-image elementor-gallery-item__image\" data-thumbnail=\"https:\/\/www.mvz-wiesloch.de\/wp-content\/uploads\/2021\/06\/Ambiente_Statue_OG4_AL3I6965bearb-1024x683.jpg\" data-width=\"1024\" data-height=\"683\" aria-label=\"\" role=\"img\" ><\/div>\n\t\t\t\t\t\t\t\t\t\t\t\t\t\t<\/a>\n\t\t\t\t\t\t\t<a class=\"e-gallery-item elementor-gallery-item elementor-animated-content\" href=\"https:\/\/www.mvz-wiesloch.de\/wp-content\/uploads\/2021\/06\/Ambiente_Sprechzimmer_OG4_AL3I7008bearb_quadrat.jpg\" data-elementor-open-lightbox=\"yes\" data-elementor-lightbox-slideshow=\"d358170\" data-elementor-lightbox-title=\"Ambiente Sprechzimmer OG4_b\" data-elementor-lightbox-description=\"Blick in ein Sprechzimmer des MVZ Wiesloch\" data-e-action-hash=\"#elementor-action%3Aaction%3Dlightbox%26settings%3DeyJpZCI6MTExLCJ1cmwiOiJodHRwczpcL1wvd3d3Lm12ei13aWVzbG9jaC5kZVwvd3AtY29udGVudFwvdXBsb2Fkc1wvMjAyMVwvMDZcL0FtYmllbnRlX1NwcmVjaHppbW1lcl9PRzRfQUwzSTcwMDhiZWFyYl9xdWFkcmF0LmpwZyIsInNsaWRlc2hvdyI6ImQzNTgxNzAifQ%3D%3D\">\n\t\t\t\t\t<div class=\"e-gallery-image elementor-gallery-item__image\" data-thumbnail=\"https:\/\/www.mvz-wiesloch.de\/wp-content\/uploads\/2021\/06\/Ambiente_Sprechzimmer_OG4_AL3I7008bearb_quadrat-1024x1024.jpg\" data-width=\"1024\" data-height=\"1024\" aria-label=\"\" role=\"img\" ><\/div>\n\t\t\t\t\t\t\t\t\t\t\t\t\t\t<\/a>\n\t\t\t\t\t<\/div>\n\t\t\t\t\t<\/div>\n\t\t\t\t<\/div>\n\t\t\t\t\t<\/div>\n\t\t<\/div>\n\t\t\t\t\t<\/div>\n\t\t<\/section>\n\t\t\t\t<\/div>\n\t\t","protected":false},"excerpt":{"rendered":"<p>Dr. med. Helmut Bergdolt Specialist for internal medicine and radiology Biography Study of human medicine at the universities of Passau and Heidelberg State examination and doctorate at the University of Heidelberg Clinical assistant at the Department of Neurology and the Department of Ophthalmology at the University of Heidelberg Worked in surgery and gynaecology in the [&hellip;]<\/p>\n","protected":false},"author":1,"featured_media":0,"parent":0,"menu_order":0,"comment_status":"closed","ping_status":"closed","template":"elementor_header_footer","meta":{"inline_featured_image":false,"site-sidebar-layout":"no-sidebar","site-content-layout":"page-builder","ast-site-content-layout":"default","site-content-style":"default","site-sidebar-style":"default","ast-global-header-display":"","ast-banner-title-visibility":"","ast-main-header-display":"","ast-hfb-above-header-display":"","ast-hfb-below-header-display":"","ast-hfb-mobile-header-display":"","site-post-title":"disabled","ast-breadcrumbs-content":"disabled","ast-featured-img":"disabled","footer-sml-layout":"disabled","ast-disable-related-posts":"","theme-transparent-header-meta":"default","adv-header-id-meta":"","stick-header-meta":"","header-above-stick-meta":"","header-main-stick-meta":"","header-below-stick-meta":"","astra-migrate-meta-layouts":"default","ast-page-background-enabled":"default","ast-page-background-meta":{"desktop":{"background-color":"","background-image":"","background-repeat":"repeat","background-position":"center center","background-size":"auto","background-attachment":"scroll","background-type":"","background-media":"","overlay-type":"","overlay-color":"","overlay-opacity":"","overlay-gradient":""},"tablet":{"background-color":"","background-image":"","background-repeat":"repeat","background-position":"center center","background-size":"auto","background-attachment":"scroll","background-type":"","background-media":"","overlay-type":"","overlay-color":"","overlay-opacity":"","overlay-gradient":""},"mobile":{"background-color":"","background-image":"","background-repeat":"repeat","background-position":"center center","background-size":"auto","background-attachment":"scroll","background-type":"","background-media":"","overlay-type":"","overlay-color":"","overlay-opacity":"","overlay-gradient":""}},"ast-content-background-meta":{"desktop":{"background-color":"var(--ast-global-color-5)","background-image":"","background-repeat":"repeat","background-position":"center center","background-size":"auto","background-attachment":"scroll","background-type":"","background-media":"","overlay-type":"","overlay-color":"","overlay-opacity":"","overlay-gradient":""},"tablet":{"background-color":"var(--ast-global-color-5)","background-image":"","background-repeat":"repeat","background-position":"center center","background-size":"auto","background-attachment":"scroll","background-type":"","background-media":"","overlay-type":"","overlay-color":"","overlay-opacity":"","overlay-gradient":""},"mobile":{"background-color":"var(--ast-global-color-5)","background-image":"","background-repeat":"repeat","background-position":"center center","background-size":"auto","background-attachment":"scroll","background-type":"","background-media":"","overlay-type":"","overlay-color":"","overlay-opacity":"","overlay-gradient":""}},"footnotes":""},"class_list":["post-6653","page","type-page","status-publish","hentry"],"_links":{"self":[{"href":"https:\/\/www.mvz-wiesloch.de\/en\/wp-json\/wp\/v2\/pages\/6653","targetHints":{"allow":["GET"]}}],"collection":[{"href":"https:\/\/www.mvz-wiesloch.de\/en\/wp-json\/wp\/v2\/pages"}],"about":[{"href":"https:\/\/www.mvz-wiesloch.de\/en\/wp-json\/wp\/v2\/types\/page"}],"author":[{"embeddable":true,"href":"https:\/\/www.mvz-wiesloch.de\/en\/wp-json\/wp\/v2\/users\/1"}],"replies":[{"embeddable":true,"href":"https:\/\/www.mvz-wiesloch.de\/en\/wp-json\/wp\/v2\/comments?post=6653"}],"version-history":[{"count":0,"href":"https:\/\/www.mvz-wiesloch.de\/en\/wp-json\/wp\/v2\/pages\/6653\/revisions"}],"wp:attachment":[{"href":"https:\/\/www.mvz-wiesloch.de\/en\/wp-json\/wp\/v2\/media?parent=6653"}],"curies":[{"name":"wp","href":"https:\/\/api.w.org\/{rel}","templated":true}]}}